{"id":22,"date":"2019-02-15T11:09:12","date_gmt":"2019-02-15T09:09:12","guid":{"rendered":"https:\/\/urbanistubn.wordpress.com\/?page_id=22"},"modified":"2026-03-11T21:03:29","modified_gmt":"2026-03-11T20:03:29","slug":"urbanistubn-fallbacher","status":"publish","type":"page","link":"http:\/\/www.urbanistubn.at\/wordpress\/","title":{"rendered":"Bio-Heuriger"},"content":{"rendered":"\n<p><\/p>\n\n\n\n<p class=\"has-text-align-center has-background has-large-font-size\" style=\"background:linear-gradient(135deg,rgb(202,248,128) 0%,rgb(51,73,55) 100%)\">Wir freuen uns auf das <br><br><strong>3. Urbanifr\u00fchst\u00fcck<\/strong><br><br>der T\u00f6chter des Hauses<br><br>am <strong>Sonntag, 19. Juli 2026<\/strong><\/p>\n\n\n\n<p><br><br><\/p>\n\n\n\n<figure class=\"wp-block-image size-large is-resized is-style-default\"><img decoding=\"async\" loading=\"lazy\" src=\"http:\/\/www.urbanistubn.at\/wordpress\/wp-content\/uploads\/2026\/03\/Urbanistubn-Flyer.Fruehstueck-724x1024.jpg\" alt=\"\" class=\"wp-image-997\" width=\"362\" height=\"512\" srcset=\"http:\/\/www.urbanistubn.at\/wordpress\/wp-content\/uploads\/2026\/03\/Urbanistubn-Flyer.Fruehstueck-724x1024.jpg 724w, http:\/\/www.urbanistubn.at\/wordpress\/wp-content\/uploads\/2026\/03\/Urbanistubn-Flyer.Fruehstueck-212x300.jpg 212w, http:\/\/www.urbanistubn.at\/wordpress\/wp-content\/uploads\/2026\/03\/Urbanistubn-Flyer.Fruehstueck-768x1086.jpg 768w, http:\/\/www.urbanistubn.at\/wordpress\/wp-content\/uploads\/2026\/03\/Urbanistubn-Flyer.Fruehstueck-1086x1536.jpg 1086w, http:\/\/www.urbanistubn.at\/wordpress\/wp-content\/uploads\/2026\/03\/Urbanistubn-Flyer.Fruehstueck-1140x1612.jpg 1140w, http:\/\/www.urbanistubn.at\/wordpress\/wp-content\/uploads\/2026\/03\/Urbanistubn-Flyer.Fruehstueck.jpg 1414w\" sizes=\"(max-width: 362px) 100vw, 362px\" \/><\/figure>\n\n\n\n<p class=\"has-medium-font-size\"><\/p>\n\n\n\n<p class=\"has-large-font-size\"><br><br><\/p>\n\n\n\n<p><\/p>\n\n\n\n<figure class=\"wp-block-gallery has-nested-images columns-default is-cropped wp-block-gallery-1 is-layout-flex\">\n<figure class=\"wp-block-image size-large is-style-default\"><img decoding=\"async\" loading=\"lazy\" width=\"1024\" height=\"685\" data-id=\"940\"  src=\"http:\/\/www.urbanistubn.at\/wordpress\/wp-content\/uploads\/2025\/07\/Ziegenkaese-Kaesevariation-1024x685.jpg\" alt=\"\" class=\"wp-image-940\" srcset=\"http:\/\/www.urbanistubn.at\/wordpress\/wp-content\/uploads\/2025\/07\/Ziegenkaese-Kaesevariation-1024x685.jpg 1024w, http:\/\/www.urbanistubn.at\/wordpress\/wp-content\/uploads\/2025\/07\/Ziegenkaese-Kaesevariation-300x201.jpg 300w, http:\/\/www.urbanistubn.at\/wordpress\/wp-content\/uploads\/2025\/07\/Ziegenkaese-Kaesevariation-768x514.jpg 768w, http:\/\/www.urbanistubn.at\/wordpress\/wp-content\/uploads\/2025\/07\/Ziegenkaese-Kaesevariation-1536x1028.jpg 1536w, http:\/\/www.urbanistubn.at\/wordpress\/wp-content\/uploads\/2025\/07\/Ziegenkaese-Kaesevariation-2048x1370.jpg 2048w, http:\/\/www.urbanistubn.at\/wordpress\/wp-content\/uploads\/2025\/07\/Ziegenkaese-Kaesevariation-1140x763.jpg 1140w\" sizes=\"(max-width: 1024px) 100vw, 1024px\" \/><\/figure>\n\n\n\n<figure class=\"wp-block-image size-large is-style-default\"><img decoding=\"async\" loading=\"lazy\" width=\"1024\" height=\"685\" data-id=\"939\"  src=\"http:\/\/www.urbanistubn.at\/wordpress\/wp-content\/uploads\/2025\/07\/Urbani-Frizzante-1024x685.jpg\" alt=\"\" class=\"wp-image-939\" srcset=\"http:\/\/www.urbanistubn.at\/wordpress\/wp-content\/uploads\/2025\/07\/Urbani-Frizzante-1024x685.jpg 1024w, http:\/\/www.urbanistubn.at\/wordpress\/wp-content\/uploads\/2025\/07\/Urbani-Frizzante-300x201.jpg 300w, http:\/\/www.urbanistubn.at\/wordpress\/wp-content\/uploads\/2025\/07\/Urbani-Frizzante-768x514.jpg 768w, http:\/\/www.urbanistubn.at\/wordpress\/wp-content\/uploads\/2025\/07\/Urbani-Frizzante-1536x1028.jpg 1536w, http:\/\/www.urbanistubn.at\/wordpress\/wp-content\/uploads\/2025\/07\/Urbani-Frizzante-2048x1370.jpg 2048w, http:\/\/www.urbanistubn.at\/wordpress\/wp-content\/uploads\/2025\/07\/Urbani-Frizzante-1140x763.jpg 1140w\" sizes=\"(max-width: 1024px) 100vw, 1024px\" \/><\/figure>\n\n\n\n<figure class=\"wp-block-image size-large is-style-default\"><img decoding=\"async\" loading=\"lazy\" width=\"1024\" height=\"685\" data-id=\"923\"  src=\"http:\/\/www.urbanistubn.at\/wordpress\/wp-content\/uploads\/2025\/07\/Buendner-1024x685.jpg\" alt=\"\" class=\"wp-image-923\" srcset=\"http:\/\/www.urbanistubn.at\/wordpress\/wp-content\/uploads\/2025\/07\/Buendner-1024x685.jpg 1024w, http:\/\/www.urbanistubn.at\/wordpress\/wp-content\/uploads\/2025\/07\/Buendner-300x201.jpg 300w, http:\/\/www.urbanistubn.at\/wordpress\/wp-content\/uploads\/2025\/07\/Buendner-768x514.jpg 768w, http:\/\/www.urbanistubn.at\/wordpress\/wp-content\/uploads\/2025\/07\/Buendner-1536x1028.jpg 1536w, http:\/\/www.urbanistubn.at\/wordpress\/wp-content\/uploads\/2025\/07\/Buendner-2048x1370.jpg 2048w, http:\/\/www.urbanistubn.at\/wordpress\/wp-content\/uploads\/2025\/07\/Buendner-1140x763.jpg 1140w\" sizes=\"(max-width: 1024px) 100vw, 1024px\" \/><\/figure>\n\n\n\n<figure class=\"wp-block-image size-large is-style-rounded\"><img decoding=\"async\" loading=\"lazy\" width=\"1024\" height=\"685\" data-id=\"927\"  src=\"http:\/\/www.urbanistubn.at\/wordpress\/wp-content\/uploads\/2025\/07\/Emma-Paula-Sophie-Fallbacher-1024x685.jpg\" alt=\"\" class=\"wp-image-927\" srcset=\"http:\/\/www.urbanistubn.at\/wordpress\/wp-content\/uploads\/2025\/07\/Emma-Paula-Sophie-Fallbacher-1024x685.jpg 1024w, http:\/\/www.urbanistubn.at\/wordpress\/wp-content\/uploads\/2025\/07\/Emma-Paula-Sophie-Fallbacher-300x201.jpg 300w, http:\/\/www.urbanistubn.at\/wordpress\/wp-content\/uploads\/2025\/07\/Emma-Paula-Sophie-Fallbacher-768x514.jpg 768w, http:\/\/www.urbanistubn.at\/wordpress\/wp-content\/uploads\/2025\/07\/Emma-Paula-Sophie-Fallbacher-1536x1028.jpg 1536w, http:\/\/www.urbanistubn.at\/wordpress\/wp-content\/uploads\/2025\/07\/Emma-Paula-Sophie-Fallbacher-2048x1370.jpg 2048w, http:\/\/www.urbanistubn.at\/wordpress\/wp-content\/uploads\/2025\/07\/Emma-Paula-Sophie-Fallbacher-1140x763.jpg 1140w\" sizes=\"(max-width: 1024px) 100vw, 1024px\" \/><\/figure>\n<\/figure>\n\n\n\n<p><br><br><br><br><\/p>\n\n\n\n<h2 class=\"wp-block-heading has-text-align-center has-background has-large-font-size\" style=\"background:linear-gradient(135deg,rgb(202,248,128) 0%,rgb(69,110,75) 100%)\"><strong>Unser n\u00e4chster Heuriger:<br><br>24. Juli &#8211; 9. Aug. 2026 <\/strong><\/h2>\n\n\n\n<p><\/p>\n\n\n\n<p><\/p>\n\n\n\n<p><br><\/p>\n\n\n\n<p><br><br><\/p>\n\n\n\n<p><br><br><br><\/p>\n\n\n\n<p>2024 war ein Jahr mit vielen Rekorden, solche Jahre werden rapide h\u00e4ufiger.<br><br>So sind die Top-20 der Rekord-Hitze-Sommer in den letzten 258 Jahren ab 2010 zu finden.<br><br>2024 war auch das Jahr der meisten Tropenn\u00e4chte in Wien seit 1767. (GeoSphere Austria)<br><br><br>Wir versuchen in unserem Betrieb nicht nur mit dem Klimawandel zu leben, sondern wir<br>investieren auch laufend, um unseren Beitrag zur Verlangsamung des Wandels zu leisten.<\/p>\n\n\n\n<p><\/p>\n\n\n\n<p><br><\/p>\n\n\n\n<p class=\"has-medium-font-size\">I) 2011 haben wir unsere erste <strong>Photovoltaik-Anlage<\/strong> installieren lassen, diese wurde vor zwei Jahren vergr\u00f6\u00dfert.<\/p>\n\n\n\n<p class=\"has-large-font-size\"><\/p>\n\n\n\n<figure class=\"wp-block-image size-large is-style-default\"><img decoding=\"async\" loading=\"lazy\" width=\"1024\" height=\"646\" src=\"http:\/\/www.urbanistubn.at\/wordpress\/wp-content\/uploads\/2024\/09\/Photovoltaik-1-1024x646.jpg\" alt=\"\" class=\"wp-image-794\" srcset=\"http:\/\/www.urbanistubn.at\/wordpress\/wp-content\/uploads\/2024\/09\/Photovoltaik-1-1024x646.jpg 1024w, http:\/\/www.urbanistubn.at\/wordpress\/wp-content\/uploads\/2024\/09\/Photovoltaik-1-300x189.jpg 300w, http:\/\/www.urbanistubn.at\/wordpress\/wp-content\/uploads\/2024\/09\/Photovoltaik-1-768x485.jpg 768w, http:\/\/www.urbanistubn.at\/wordpress\/wp-content\/uploads\/2024\/09\/Photovoltaik-1-1536x970.jpg 1536w, http:\/\/www.urbanistubn.at\/wordpress\/wp-content\/uploads\/2024\/09\/Photovoltaik-1-2048x1293.jpg 2048w, http:\/\/www.urbanistubn.at\/wordpress\/wp-content\/uploads\/2024\/09\/Photovoltaik-1-1140x720.jpg 1140w\" sizes=\"(max-width: 1024px) 100vw, 1024px\" \/><\/figure>\n\n\n\n<p><\/p>\n\n\n\n<p><br><br><\/p>\n\n\n\n<p class=\"has-medium-font-size\">II) 2022 haben wir auch ein <strong>E-Auto<\/strong> f\u00fcr lokale Fahrten und einen <strong>Plug-In-Hybrid<\/strong> f\u00fcr den privaten Bedarf angeschafft.<\/p>\n\n\n\n<p><br><\/p>\n\n\n\n<figure class=\"wp-block-image size-large is-style-default\"><img decoding=\"async\" loading=\"lazy\" width=\"1024\" height=\"576\" src=\"http:\/\/www.urbanistubn.at\/wordpress\/wp-content\/uploads\/2024\/09\/E-Auto-Hybrid-Auto-1024x576.jpg\" alt=\"\" class=\"wp-image-795\" srcset=\"http:\/\/www.urbanistubn.at\/wordpress\/wp-content\/uploads\/2024\/09\/E-Auto-Hybrid-Auto-1024x576.jpg 1024w, http:\/\/www.urbanistubn.at\/wordpress\/wp-content\/uploads\/2024\/09\/E-Auto-Hybrid-Auto-300x169.jpg 300w, http:\/\/www.urbanistubn.at\/wordpress\/wp-content\/uploads\/2024\/09\/E-Auto-Hybrid-Auto-768x432.jpg 768w, http:\/\/www.urbanistubn.at\/wordpress\/wp-content\/uploads\/2024\/09\/E-Auto-Hybrid-Auto-1536x864.jpg 1536w, http:\/\/www.urbanistubn.at\/wordpress\/wp-content\/uploads\/2024\/09\/E-Auto-Hybrid-Auto-2048x1152.jpg 2048w, http:\/\/www.urbanistubn.at\/wordpress\/wp-content\/uploads\/2024\/09\/E-Auto-Hybrid-Auto-1140x641.jpg 1140w\" sizes=\"(max-width: 1024px) 100vw, 1024px\" \/><\/figure>\n\n\n\n<p><\/p>\n\n\n\n<p><br><br><br><\/p>\n\n\n\n<p class=\"has-medium-font-size\">III) 2023 tauschten wir im Heurigenlokal und im benachbarten Haus die \u00d6lkessel gegen eine moderne <strong>Hackschnitzelanlage<\/strong>. <br><br>     Einige Jahre davor, haben wir im Privathaus den Kessel getauscht, diesen Winter wird die Gastherme am Hof in Rohrendorf\/Krems ebenfalls durch eine Hackschnitzelanlage ersetzt werden, da wir selber gen\u00fcgend Holzzuwachs in unseren W\u00e4ldern haben.<\/p>\n\n\n\n<p><br><\/p>\n\n\n\n<p class=\"has-medium-font-size\">IV) Da wir unsere <strong>Landwirtschaft biologisch<\/strong> bewirtschaften, sparen wir allein durch den Verzicht auf leichtl\u00f6slichem D\u00fcnger 25 % an CO2 ein.<br><br>     Durch den Humusaufbau auf den Feldern k\u00f6nnen 400 &#8211; 500 kg CO2 je ha gebunden werden.<br><br>     Durch die spaltenlose Bio-Schweinehaltung mit Kot-Harn-Trennung sparen wir 80 % des Ammoniakaussto\u00dfes gegen\u00fcber der herk\u00f6mmlichen Voll- oder Teil-Spalten-Haltung.<\/p>\n\n\n\n<p><\/p>\n\n\n\n<figure class=\"wp-block-image size-large is-resized is-style-rounded\"><img decoding=\"async\" loading=\"lazy\" src=\"http:\/\/www.urbanistubn.at\/wordpress\/wp-content\/uploads\/2021\/08\/Bio-Schwein-neugierig-780x1024.jpg\" alt=\"\" class=\"wp-image-376\" width=\"390\" height=\"512\" srcset=\"http:\/\/www.urbanistubn.at\/wordpress\/wp-content\/uploads\/2021\/08\/Bio-Schwein-neugierig-780x1024.jpg 780w, http:\/\/www.urbanistubn.at\/wordpress\/wp-content\/uploads\/2021\/08\/Bio-Schwein-neugierig-228x300.jpg 228w, http:\/\/www.urbanistubn.at\/wordpress\/wp-content\/uploads\/2021\/08\/Bio-Schwein-neugierig-768x1009.jpg 768w, http:\/\/www.urbanistubn.at\/wordpress\/wp-content\/uploads\/2021\/08\/Bio-Schwein-neugierig-1169x1536.jpg 1169w, http:\/\/www.urbanistubn.at\/wordpress\/wp-content\/uploads\/2021\/08\/Bio-Schwein-neugierig-1559x2048.jpg 1559w, http:\/\/www.urbanistubn.at\/wordpress\/wp-content\/uploads\/2021\/08\/Bio-Schwein-neugierig-1140x1498.jpg 1140w, http:\/\/www.urbanistubn.at\/wordpress\/wp-content\/uploads\/2021\/08\/Bio-Schwein-neugierig-scaled.jpg 1949w\" sizes=\"(max-width: 390px) 100vw, 390px\" \/><\/figure>\n\n\n\n<p><\/p>\n\n\n\n<p>V) 2025 haben wir <strong>Stromspeicher<\/strong> installieren lassen, so k\u00f6nnen unsere K\u00fchlanlagen in der Nacht daraus bedient werden.<\/p>\n\n\n\n<p><\/p>\n\n\n\n<p><\/p>\n\n\n\n<p><\/p>\n\n\n\n<h2 class=\"wp-block-heading\" id=\"werte-gaste-schweren-herzens-werden-wir-vorzeitig-aus-rucksicht-auf-ihre-gesundheit-die-urbanistubn-vom-28-bis-30-janner-2022-nicht-mehr-offnen\" style=\"font-size:24px\"><br><br><strong>Gerne verw\u00f6hnen wir Sie kulinarisch bei Ihrem ganz pers\u00f6nlichen Fest daheim oder in der Urbanistubn! (ab ca. 35 Personen)<\/strong><br>(0664\/38 56 159)<\/h2>\n\n\n<div class=\"wp-block-image is-style-default\">\n<figure class=\"aligncenter size-large is-resized\"><img decoding=\"async\" loading=\"lazy\" src=\"http:\/\/www.urbanistubn.at\/wordpress\/wp-content\/uploads\/2022\/06\/gedeckter-Tisch-768x1024.jpg\" alt=\"\" class=\"wp-image-482\" width=\"384\" height=\"512\" srcset=\"http:\/\/www.urbanistubn.at\/wordpress\/wp-content\/uploads\/2022\/06\/gedeckter-Tisch-768x1024.jpg 768w, http:\/\/www.urbanistubn.at\/wordpress\/wp-content\/uploads\/2022\/06\/gedeckter-Tisch-225x300.jpg 225w, http:\/\/www.urbanistubn.at\/wordpress\/wp-content\/uploads\/2022\/06\/gedeckter-Tisch-1152x1536.jpg 1152w, http:\/\/www.urbanistubn.at\/wordpress\/wp-content\/uploads\/2022\/06\/gedeckter-Tisch-1536x2048.jpg 1536w, http:\/\/www.urbanistubn.at\/wordpress\/wp-content\/uploads\/2022\/06\/gedeckter-Tisch-1140x1520.jpg 1140w, http:\/\/www.urbanistubn.at\/wordpress\/wp-content\/uploads\/2022\/06\/gedeckter-Tisch-scaled.jpg 1920w\" sizes=\"(max-width: 384px) 100vw, 384px\" \/><\/figure><\/div>\n\n\n<p><br> <\/p>\n\n\n\n<p class=\"has-large-font-size\"><\/p>\n\n\n\n<p><br><br><\/p>\n\n\n\n<p><br><br><\/p>\n\n\n\n<p><\/p>\n\n\n\n<h2 class=\"wp-block-heading\" id=\"werte-gaste-schweren-herzens-werden-wir-vorzeitig-aus-rucksicht-auf-ihre-gesundheit-die-urbanistubn-vom-28-bis-30-janner-2022-nicht-mehr-offnen\" style=\"font-size:24px\"><br>Das waren der 1. Ochsengrill, Sturmheuriger und die<br><br>25-Jahr-Feier 2023:<br><\/h2>\n\n\n\n<figure class=\"wp-block-gallery has-nested-images columns-2 is-cropped wp-block-gallery-3 is-layout-flex\">\n<figure class=\"wp-block-image size-large is-style-default\"><img decoding=\"async\" loading=\"lazy\" width=\"900\" height=\"675\" data-id=\"663\"  src=\"http:\/\/www.urbanistubn.at\/wordpress\/wp-content\/uploads\/2023\/10\/25j.Urbanistubn.Grillochse.Sturmheuriger.Fotocredit-Guenter-Doerfler.jpg\" alt=\"\" class=\"wp-image-663\" srcset=\"http:\/\/www.urbanistubn.at\/wordpress\/wp-content\/uploads\/2023\/10\/25j.Urbanistubn.Grillochse.Sturmheuriger.Fotocredit-Guenter-Doerfler.jpg 900w, http:\/\/www.urbanistubn.at\/wordpress\/wp-content\/uploads\/2023\/10\/25j.Urbanistubn.Grillochse.Sturmheuriger.Fotocredit-Guenter-Doerfler-300x225.jpg 300w, http:\/\/www.urbanistubn.at\/wordpress\/wp-content\/uploads\/2023\/10\/25j.Urbanistubn.Grillochse.Sturmheuriger.Fotocredit-Guenter-Doerfler-768x576.jpg 768w\" sizes=\"(max-width: 900px) 100vw, 900px\" \/><figcaption class=\"wp-element-caption\">(C)  G\u00fcnter D\u00f6rfler<\/figcaption><\/figure>\n\n\n\n<figure class=\"wp-block-image size-large is-style-default\"><img decoding=\"async\" loading=\"lazy\" width=\"900\" height=\"675\" data-id=\"665\"  src=\"http:\/\/www.urbanistubn.at\/wordpress\/wp-content\/uploads\/2023\/10\/25j.Urbanistubn.Ochsengriller.Fotocredit-Guenter-Doerfler.jpg\" alt=\"\" class=\"wp-image-665\" srcset=\"http:\/\/www.urbanistubn.at\/wordpress\/wp-content\/uploads\/2023\/10\/25j.Urbanistubn.Ochsengriller.Fotocredit-Guenter-Doerfler.jpg 900w, http:\/\/www.urbanistubn.at\/wordpress\/wp-content\/uploads\/2023\/10\/25j.Urbanistubn.Ochsengriller.Fotocredit-Guenter-Doerfler-300x225.jpg 300w, http:\/\/www.urbanistubn.at\/wordpress\/wp-content\/uploads\/2023\/10\/25j.Urbanistubn.Ochsengriller.Fotocredit-Guenter-Doerfler-768x576.jpg 768w\" sizes=\"(max-width: 900px) 100vw, 900px\" \/><figcaption class=\"wp-element-caption\">(C)  G\u00fcnter D\u00f6rfler<\/figcaption><\/figure>\n\n\n\n<figure class=\"wp-block-image size-large is-style-default\"><img decoding=\"async\" loading=\"lazy\" width=\"900\" height=\"675\" data-id=\"666\"  src=\"http:\/\/www.urbanistubn.at\/wordpress\/wp-content\/uploads\/2023\/10\/25j.Urbanistubn.Ochsenrill.Fotocredit-Guenter-Doerfler.jpg\" alt=\"\" class=\"wp-image-666\" srcset=\"http:\/\/www.urbanistubn.at\/wordpress\/wp-content\/uploads\/2023\/10\/25j.Urbanistubn.Ochsenrill.Fotocredit-Guenter-Doerfler.jpg 900w, http:\/\/www.urbanistubn.at\/wordpress\/wp-content\/uploads\/2023\/10\/25j.Urbanistubn.Ochsenrill.Fotocredit-Guenter-Doerfler-300x225.jpg 300w, http:\/\/www.urbanistubn.at\/wordpress\/wp-content\/uploads\/2023\/10\/25j.Urbanistubn.Ochsenrill.Fotocredit-Guenter-Doerfler-768x576.jpg 768w\" sizes=\"(max-width: 900px) 100vw, 900px\" \/><figcaption class=\"wp-element-caption\">(C)  G\u00fcnter D\u00f6rfler<\/figcaption><\/figure>\n\n\n\n<figure class=\"wp-block-image size-large is-style-default\"><img decoding=\"async\" loading=\"lazy\" width=\"1024\" height=\"680\" data-id=\"655\"  src=\"http:\/\/www.urbanistubn.at\/wordpress\/wp-content\/uploads\/2023\/10\/25j.Urbanistubn.Fotocredit.Gemeinde-Michelhausen-1024x680.jpg\" alt=\"\" class=\"wp-image-655\" srcset=\"http:\/\/www.urbanistubn.at\/wordpress\/wp-content\/uploads\/2023\/10\/25j.Urbanistubn.Fotocredit.Gemeinde-Michelhausen-1024x680.jpg 1024w, http:\/\/www.urbanistubn.at\/wordpress\/wp-content\/uploads\/2023\/10\/25j.Urbanistubn.Fotocredit.Gemeinde-Michelhausen-300x199.jpg 300w, http:\/\/www.urbanistubn.at\/wordpress\/wp-content\/uploads\/2023\/10\/25j.Urbanistubn.Fotocredit.Gemeinde-Michelhausen-768x510.jpg 768w, http:\/\/www.urbanistubn.at\/wordpress\/wp-content\/uploads\/2023\/10\/25j.Urbanistubn.Fotocredit.Gemeinde-Michelhausen-1536x1020.jpg 1536w, http:\/\/www.urbanistubn.at\/wordpress\/wp-content\/uploads\/2023\/10\/25j.Urbanistubn.Fotocredit.Gemeinde-Michelhausen-2048x1360.jpg 2048w, http:\/\/www.urbanistubn.at\/wordpress\/wp-content\/uploads\/2023\/10\/25j.Urbanistubn.Fotocredit.Gemeinde-Michelhausen-1140x757.jpg 1140w\" sizes=\"(max-width: 1024px) 100vw, 1024px\" \/><figcaption class=\"wp-element-caption\">(C) Gemeinde Michelhausen<\/figcaption><\/figure>\n\n\n\n<figure class=\"wp-block-image size-large is-style-default\"><img decoding=\"async\" loading=\"lazy\" width=\"1024\" height=\"680\" data-id=\"654\"  src=\"http:\/\/www.urbanistubn.at\/wordpress\/wp-content\/uploads\/2023\/10\/25j.Urbanistubn.Fotocredit-Gemeinde-Michelhausen-1024x680.jpg\" alt=\"\" class=\"wp-image-654\" srcset=\"http:\/\/www.urbanistubn.at\/wordpress\/wp-content\/uploads\/2023\/10\/25j.Urbanistubn.Fotocredit-Gemeinde-Michelhausen-1024x680.jpg 1024w, http:\/\/www.urbanistubn.at\/wordpress\/wp-content\/uploads\/2023\/10\/25j.Urbanistubn.Fotocredit-Gemeinde-Michelhausen-300x199.jpg 300w, http:\/\/www.urbanistubn.at\/wordpress\/wp-content\/uploads\/2023\/10\/25j.Urbanistubn.Fotocredit-Gemeinde-Michelhausen-768x510.jpg 768w, http:\/\/www.urbanistubn.at\/wordpress\/wp-content\/uploads\/2023\/10\/25j.Urbanistubn.Fotocredit-Gemeinde-Michelhausen-1536x1020.jpg 1536w, http:\/\/www.urbanistubn.at\/wordpress\/wp-content\/uploads\/2023\/10\/25j.Urbanistubn.Fotocredit-Gemeinde-Michelhausen-2048x1360.jpg 2048w, http:\/\/www.urbanistubn.at\/wordpress\/wp-content\/uploads\/2023\/10\/25j.Urbanistubn.Fotocredit-Gemeinde-Michelhausen-1140x757.jpg 1140w\" sizes=\"(max-width: 1024px) 100vw, 1024px\" \/><figcaption class=\"wp-element-caption\">(C) Gemeinde Michelhausen<\/figcaption><\/figure>\n\n\n\n<figure class=\"wp-block-image size-large is-style-default\"><img decoding=\"async\" loading=\"lazy\" width=\"1024\" height=\"680\" data-id=\"657\"  src=\"http:\/\/www.urbanistubn.at\/wordpress\/wp-content\/uploads\/2023\/10\/25j.Urbanistubn.Fotocredit.Gemeinde-Michelhausen-1-1024x680.jpg\" alt=\"\" class=\"wp-image-657\" srcset=\"http:\/\/www.urbanistubn.at\/wordpress\/wp-content\/uploads\/2023\/10\/25j.Urbanistubn.Fotocredit.Gemeinde-Michelhausen-1-1024x680.jpg 1024w, http:\/\/www.urbanistubn.at\/wordpress\/wp-content\/uploads\/2023\/10\/25j.Urbanistubn.Fotocredit.Gemeinde-Michelhausen-1-300x199.jpg 300w, http:\/\/www.urbanistubn.at\/wordpress\/wp-content\/uploads\/2023\/10\/25j.Urbanistubn.Fotocredit.Gemeinde-Michelhausen-1-768x510.jpg 768w, http:\/\/www.urbanistubn.at\/wordpress\/wp-content\/uploads\/2023\/10\/25j.Urbanistubn.Fotocredit.Gemeinde-Michelhausen-1-1536x1020.jpg 1536w, http:\/\/www.urbanistubn.at\/wordpress\/wp-content\/uploads\/2023\/10\/25j.Urbanistubn.Fotocredit.Gemeinde-Michelhausen-1-2048x1360.jpg 2048w, http:\/\/www.urbanistubn.at\/wordpress\/wp-content\/uploads\/2023\/10\/25j.Urbanistubn.Fotocredit.Gemeinde-Michelhausen-1-1140x757.jpg 1140w\" sizes=\"(max-width: 1024px) 100vw, 1024px\" \/><figcaption class=\"wp-element-caption\">(C) Gemeinde Michelhausen<\/figcaption><\/figure>\n\n\n\n<figure class=\"wp-block-image size-large is-style-default\"><img decoding=\"async\" loading=\"lazy\" width=\"900\" height=\"675\" data-id=\"660\"  src=\"http:\/\/www.urbanistubn.at\/wordpress\/wp-content\/uploads\/2023\/10\/25j.Urbanistubn.Gaeste.fotocredit-Guenter-Doerfler.jpg\" alt=\"\" class=\"wp-image-660\" srcset=\"http:\/\/www.urbanistubn.at\/wordpress\/wp-content\/uploads\/2023\/10\/25j.Urbanistubn.Gaeste.fotocredit-Guenter-Doerfler.jpg 900w, http:\/\/www.urbanistubn.at\/wordpress\/wp-content\/uploads\/2023\/10\/25j.Urbanistubn.Gaeste.fotocredit-Guenter-Doerfler-300x225.jpg 300w, http:\/\/www.urbanistubn.at\/wordpress\/wp-content\/uploads\/2023\/10\/25j.Urbanistubn.Gaeste.fotocredit-Guenter-Doerfler-768x576.jpg 768w\" sizes=\"(max-width: 900px) 100vw, 900px\" \/><figcaption class=\"wp-element-caption\">(C)  G\u00fcnter D\u00f6rfler<\/figcaption><\/figure>\n\n\n\n<figure class=\"wp-block-image size-large is-style-default\"><img decoding=\"async\" loading=\"lazy\" width=\"1024\" height=\"683\" data-id=\"670\"  src=\"http:\/\/www.urbanistubn.at\/wordpress\/wp-content\/uploads\/2023\/10\/DSC_2439-1024x683.jpg\" alt=\"\" class=\"wp-image-670\" srcset=\"http:\/\/www.urbanistubn.at\/wordpress\/wp-content\/uploads\/2023\/10\/DSC_2439-1024x683.jpg 1024w, http:\/\/www.urbanistubn.at\/wordpress\/wp-content\/uploads\/2023\/10\/DSC_2439-300x200.jpg 300w, http:\/\/www.urbanistubn.at\/wordpress\/wp-content\/uploads\/2023\/10\/DSC_2439-768x512.jpg 768w, http:\/\/www.urbanistubn.at\/wordpress\/wp-content\/uploads\/2023\/10\/DSC_2439-1536x1024.jpg 1536w, http:\/\/www.urbanistubn.at\/wordpress\/wp-content\/uploads\/2023\/10\/DSC_2439-2048x1365.jpg 2048w, http:\/\/www.urbanistubn.at\/wordpress\/wp-content\/uploads\/2023\/10\/DSC_2439-1140x760.jpg 1140w\" sizes=\"(max-width: 1024px) 100vw, 1024px\" \/><figcaption class=\"wp-element-caption\">(C)  G\u00fcnter D\u00f6rfler<\/figcaption><\/figure>\n\n\n\n<figure class=\"wp-block-image size-large is-style-default\"><img decoding=\"async\" loading=\"lazy\" width=\"1024\" height=\"680\" data-id=\"658\"  src=\"http:\/\/www.urbanistubn.at\/wordpress\/wp-content\/uploads\/2023\/10\/25j.Urbanistubn.Fotocredit-Gemeinde-Michelhausen-2-1024x680.jpg\" alt=\"\" class=\"wp-image-658\" srcset=\"http:\/\/www.urbanistubn.at\/wordpress\/wp-content\/uploads\/2023\/10\/25j.Urbanistubn.Fotocredit-Gemeinde-Michelhausen-2-1024x680.jpg 1024w, http:\/\/www.urbanistubn.at\/wordpress\/wp-content\/uploads\/2023\/10\/25j.Urbanistubn.Fotocredit-Gemeinde-Michelhausen-2-300x199.jpg 300w, http:\/\/www.urbanistubn.at\/wordpress\/wp-content\/uploads\/2023\/10\/25j.Urbanistubn.Fotocredit-Gemeinde-Michelhausen-2-768x510.jpg 768w, http:\/\/www.urbanistubn.at\/wordpress\/wp-content\/uploads\/2023\/10\/25j.Urbanistubn.Fotocredit-Gemeinde-Michelhausen-2-1536x1020.jpg 1536w, http:\/\/www.urbanistubn.at\/wordpress\/wp-content\/uploads\/2023\/10\/25j.Urbanistubn.Fotocredit-Gemeinde-Michelhausen-2-2048x1360.jpg 2048w, http:\/\/www.urbanistubn.at\/wordpress\/wp-content\/uploads\/2023\/10\/25j.Urbanistubn.Fotocredit-Gemeinde-Michelhausen-2-1140x757.jpg 1140w\" sizes=\"(max-width: 1024px) 100vw, 1024px\" \/><figcaption class=\"wp-element-caption\">(C)  Gemeinde Michelhausen<\/figcaption><\/figure>\n\n\n\n<figure class=\"wp-block-image size-large is-style-default\"><img decoding=\"async\" loading=\"lazy\" width=\"1024\" height=\"680\" data-id=\"661\"  src=\"http:\/\/www.urbanistubn.at\/wordpress\/wp-content\/uploads\/2023\/10\/25j.Urbanistubn.Gedicht-Gerti-Deim.Fotocredit-Gemeinde-Michelhausen-1024x680.jpg\" alt=\"\" class=\"wp-image-661\" srcset=\"http:\/\/www.urbanistubn.at\/wordpress\/wp-content\/uploads\/2023\/10\/25j.Urbanistubn.Gedicht-Gerti-Deim.Fotocredit-Gemeinde-Michelhausen-1024x680.jpg 1024w, http:\/\/www.urbanistubn.at\/wordpress\/wp-content\/uploads\/2023\/10\/25j.Urbanistubn.Gedicht-Gerti-Deim.Fotocredit-Gemeinde-Michelhausen-300x199.jpg 300w, http:\/\/www.urbanistubn.at\/wordpress\/wp-content\/uploads\/2023\/10\/25j.Urbanistubn.Gedicht-Gerti-Deim.Fotocredit-Gemeinde-Michelhausen-768x510.jpg 768w, http:\/\/www.urbanistubn.at\/wordpress\/wp-content\/uploads\/2023\/10\/25j.Urbanistubn.Gedicht-Gerti-Deim.Fotocredit-Gemeinde-Michelhausen-1536x1020.jpg 1536w, http:\/\/www.urbanistubn.at\/wordpress\/wp-content\/uploads\/2023\/10\/25j.Urbanistubn.Gedicht-Gerti-Deim.Fotocredit-Gemeinde-Michelhausen-2048x1360.jpg 2048w, http:\/\/www.urbanistubn.at\/wordpress\/wp-content\/uploads\/2023\/10\/25j.Urbanistubn.Gedicht-Gerti-Deim.Fotocredit-Gemeinde-Michelhausen-1140x757.jpg 1140w\" sizes=\"(max-width: 1024px) 100vw, 1024px\" \/><figcaption class=\"wp-element-caption\">(C)  Gemeinde Michelhausen<\/figcaption><\/figure>\n\n\n\n<figure class=\"wp-block-image size-large is-style-default\"><img decoding=\"async\" loading=\"lazy\" width=\"900\" height=\"675\" data-id=\"662\"  src=\"http:\/\/www.urbanistubn.at\/wordpress\/wp-content\/uploads\/2023\/10\/25j.Urbanistubn.Gedicht-Toechter-Fallbacher.Fotocredit-Guenter-Doerfler.jpg\" alt=\"\" class=\"wp-image-662\" srcset=\"http:\/\/www.urbanistubn.at\/wordpress\/wp-content\/uploads\/2023\/10\/25j.Urbanistubn.Gedicht-Toechter-Fallbacher.Fotocredit-Guenter-Doerfler.jpg 900w, http:\/\/www.urbanistubn.at\/wordpress\/wp-content\/uploads\/2023\/10\/25j.Urbanistubn.Gedicht-Toechter-Fallbacher.Fotocredit-Guenter-Doerfler-300x225.jpg 300w, http:\/\/www.urbanistubn.at\/wordpress\/wp-content\/uploads\/2023\/10\/25j.Urbanistubn.Gedicht-Toechter-Fallbacher.Fotocredit-Guenter-Doerfler-768x576.jpg 768w\" sizes=\"(max-width: 900px) 100vw, 900px\" \/><figcaption class=\"wp-element-caption\">(C)  G\u00fcnter D\u00f6rfler<\/figcaption><\/figure>\n\n\n\n<figure class=\"wp-block-image size-large is-style-default\"><img decoding=\"async\" loading=\"lazy\" width=\"1024\" height=\"680\" data-id=\"667\"  src=\"http:\/\/www.urbanistubn.at\/wordpress\/wp-content\/uploads\/2023\/10\/25j.Urbanistubn.Grillochse.Fotocredit-Gemeinde-Michelhausen-1024x680.jpg\" alt=\"\" class=\"wp-image-667\" srcset=\"http:\/\/www.urbanistubn.at\/wordpress\/wp-content\/uploads\/2023\/10\/25j.Urbanistubn.Grillochse.Fotocredit-Gemeinde-Michelhausen-1024x680.jpg 1024w, http:\/\/www.urbanistubn.at\/wordpress\/wp-content\/uploads\/2023\/10\/25j.Urbanistubn.Grillochse.Fotocredit-Gemeinde-Michelhausen-300x199.jpg 300w, http:\/\/www.urbanistubn.at\/wordpress\/wp-content\/uploads\/2023\/10\/25j.Urbanistubn.Grillochse.Fotocredit-Gemeinde-Michelhausen-768x510.jpg 768w, http:\/\/www.urbanistubn.at\/wordpress\/wp-content\/uploads\/2023\/10\/25j.Urbanistubn.Grillochse.Fotocredit-Gemeinde-Michelhausen-1536x1020.jpg 1536w, http:\/\/www.urbanistubn.at\/wordpress\/wp-content\/uploads\/2023\/10\/25j.Urbanistubn.Grillochse.Fotocredit-Gemeinde-Michelhausen-2048x1360.jpg 2048w, http:\/\/www.urbanistubn.at\/wordpress\/wp-content\/uploads\/2023\/10\/25j.Urbanistubn.Grillochse.Fotocredit-Gemeinde-Michelhausen-1140x757.jpg 1140w\" sizes=\"(max-width: 1024px) 100vw, 1024px\" \/><figcaption class=\"wp-element-caption\">(C)  Gemeinde Michelhausen<\/figcaption><\/figure>\n\n\n\n<figure class=\"wp-block-image size-large is-style-default\"><img decoding=\"async\" loading=\"lazy\" width=\"900\" height=\"675\" data-id=\"668\"  src=\"http:\/\/www.urbanistubn.at\/wordpress\/wp-content\/uploads\/2023\/10\/IMG_0076.jpg\" alt=\"\" class=\"wp-image-668\" srcset=\"http:\/\/www.urbanistubn.at\/wordpress\/wp-content\/uploads\/2023\/10\/IMG_0076.jpg 900w, http:\/\/www.urbanistubn.at\/wordpress\/wp-content\/uploads\/2023\/10\/IMG_0076-300x225.jpg 300w, http:\/\/www.urbanistubn.at\/wordpress\/wp-content\/uploads\/2023\/10\/IMG_0076-768x576.jpg 768w\" sizes=\"(max-width: 900px) 100vw, 900px\" \/><figcaption class=\"wp-element-caption\">(C)  G\u00fcnter D\u00f6rfler<\/figcaption><\/figure>\n\n\n\n<figure class=\"wp-block-image size-large is-style-default\"><img decoding=\"async\" loading=\"lazy\" width=\"900\" height=\"675\" data-id=\"669\"  src=\"http:\/\/www.urbanistubn.at\/wordpress\/wp-content\/uploads\/2023\/10\/IMG_0080.jpg\" alt=\"\" class=\"wp-image-669\" srcset=\"http:\/\/www.urbanistubn.at\/wordpress\/wp-content\/uploads\/2023\/10\/IMG_0080.jpg 900w, http:\/\/www.urbanistubn.at\/wordpress\/wp-content\/uploads\/2023\/10\/IMG_0080-300x225.jpg 300w, http:\/\/www.urbanistubn.at\/wordpress\/wp-content\/uploads\/2023\/10\/IMG_0080-768x576.jpg 768w\" sizes=\"(max-width: 900px) 100vw, 900px\" \/><figcaption class=\"wp-element-caption\">(C)  G\u00fcnter D\u00f6rfler<\/figcaption><\/figure>\n\n\n\n<figure class=\"wp-block-image size-large is-style-default\"><img decoding=\"async\" loading=\"lazy\" width=\"1024\" height=\"680\" data-id=\"671\"  src=\"http:\/\/www.urbanistubn.at\/wordpress\/wp-content\/uploads\/2023\/10\/DSC_2426-1024x680.jpg\" alt=\"\" class=\"wp-image-671\" srcset=\"http:\/\/www.urbanistubn.at\/wordpress\/wp-content\/uploads\/2023\/10\/DSC_2426-1024x680.jpg 1024w, http:\/\/www.urbanistubn.at\/wordpress\/wp-content\/uploads\/2023\/10\/DSC_2426-300x199.jpg 300w, http:\/\/www.urbanistubn.at\/wordpress\/wp-content\/uploads\/2023\/10\/DSC_2426-768x510.jpg 768w, http:\/\/www.urbanistubn.at\/wordpress\/wp-content\/uploads\/2023\/10\/DSC_2426-1536x1020.jpg 1536w, http:\/\/www.urbanistubn.at\/wordpress\/wp-content\/uploads\/2023\/10\/DSC_2426-2048x1360.jpg 2048w, http:\/\/www.urbanistubn.at\/wordpress\/wp-content\/uploads\/2023\/10\/DSC_2426-1140x757.jpg 1140w\" sizes=\"(max-width: 1024px) 100vw, 1024px\" \/><figcaption class=\"wp-element-caption\">(C)  Gemeinde Michelhausen<\/figcaption><\/figure>\n\n\n\n<figure class=\"wp-block-image size-large is-style-default\"><img decoding=\"async\" loading=\"lazy\" width=\"1024\" height=\"680\" data-id=\"672\"  src=\"http:\/\/www.urbanistubn.at\/wordpress\/wp-content\/uploads\/2023\/10\/DSC_2479-1024x680.jpg\" alt=\"\" class=\"wp-image-672\" srcset=\"http:\/\/www.urbanistubn.at\/wordpress\/wp-content\/uploads\/2023\/10\/DSC_2479-1024x680.jpg 1024w, http:\/\/www.urbanistubn.at\/wordpress\/wp-content\/uploads\/2023\/10\/DSC_2479-300x199.jpg 300w, http:\/\/www.urbanistubn.at\/wordpress\/wp-content\/uploads\/2023\/10\/DSC_2479-768x510.jpg 768w, http:\/\/www.urbanistubn.at\/wordpress\/wp-content\/uploads\/2023\/10\/DSC_2479-1536x1020.jpg 1536w, http:\/\/www.urbanistubn.at\/wordpress\/wp-content\/uploads\/2023\/10\/DSC_2479-2048x1360.jpg 2048w, http:\/\/www.urbanistubn.at\/wordpress\/wp-content\/uploads\/2023\/10\/DSC_2479-1140x757.jpg 1140w\" sizes=\"(max-width: 1024px) 100vw, 1024px\" \/><figcaption class=\"wp-element-caption\">(C)  Gemeinde Michelhausen<\/figcaption><\/figure>\n\n\n\n<figure class=\"wp-block-image size-medium is-style-default\"><img decoding=\"async\" loading=\"lazy\" width=\"300\" height=\"199\" data-id=\"664\"  src=\"http:\/\/www.urbanistubn.at\/wordpress\/wp-content\/uploads\/2023\/10\/25j.Urbanistubn.Gruppenbild.Fotocredit-Gem.-Michelhausen-300x199.jpg\" alt=\"\" class=\"wp-image-664\" srcset=\"http:\/\/www.urbanistubn.at\/wordpress\/wp-content\/uploads\/2023\/10\/25j.Urbanistubn.Gruppenbild.Fotocredit-Gem.-Michelhausen-300x199.jpg 300w, http:\/\/www.urbanistubn.at\/wordpress\/wp-content\/uploads\/2023\/10\/25j.Urbanistubn.Gruppenbild.Fotocredit-Gem.-Michelhausen-1024x680.jpg 1024w, http:\/\/www.urbanistubn.at\/wordpress\/wp-content\/uploads\/2023\/10\/25j.Urbanistubn.Gruppenbild.Fotocredit-Gem.-Michelhausen-768x510.jpg 768w, http:\/\/www.urbanistubn.at\/wordpress\/wp-content\/uploads\/2023\/10\/25j.Urbanistubn.Gruppenbild.Fotocredit-Gem.-Michelhausen-1536x1020.jpg 1536w, http:\/\/www.urbanistubn.at\/wordpress\/wp-content\/uploads\/2023\/10\/25j.Urbanistubn.Gruppenbild.Fotocredit-Gem.-Michelhausen-2048x1360.jpg 2048w, http:\/\/www.urbanistubn.at\/wordpress\/wp-content\/uploads\/2023\/10\/25j.Urbanistubn.Gruppenbild.Fotocredit-Gem.-Michelhausen-1140x757.jpg 1140w\" sizes=\"(max-width: 300px) 100vw, 300px\" \/><figcaption class=\"wp-element-caption\">(C)  Gemeinde Michelhausen<\/figcaption><\/figure>\n\n\n\n<figure class=\"wp-block-image size-large is-style-default\"><img decoding=\"async\" loading=\"lazy\" width=\"1024\" height=\"680\" data-id=\"656\"  src=\"http:\/\/www.urbanistubn.at\/wordpress\/wp-content\/uploads\/2023\/10\/25j.Urbanistubn.bio-Grillochse.Fotocredit-Gem.-Michelhausen-1024x680.jpg\" alt=\"\" class=\"wp-image-656\" srcset=\"http:\/\/www.urbanistubn.at\/wordpress\/wp-content\/uploads\/2023\/10\/25j.Urbanistubn.bio-Grillochse.Fotocredit-Gem.-Michelhausen-1024x680.jpg 1024w, http:\/\/www.urbanistubn.at\/wordpress\/wp-content\/uploads\/2023\/10\/25j.Urbanistubn.bio-Grillochse.Fotocredit-Gem.-Michelhausen-300x199.jpg 300w, http:\/\/www.urbanistubn.at\/wordpress\/wp-content\/uploads\/2023\/10\/25j.Urbanistubn.bio-Grillochse.Fotocredit-Gem.-Michelhausen-768x510.jpg 768w, http:\/\/www.urbanistubn.at\/wordpress\/wp-content\/uploads\/2023\/10\/25j.Urbanistubn.bio-Grillochse.Fotocredit-Gem.-Michelhausen-1536x1020.jpg 1536w, http:\/\/www.urbanistubn.at\/wordpress\/wp-content\/uploads\/2023\/10\/25j.Urbanistubn.bio-Grillochse.Fotocredit-Gem.-Michelhausen-2048x1360.jpg 2048w, http:\/\/www.urbanistubn.at\/wordpress\/wp-content\/uploads\/2023\/10\/25j.Urbanistubn.bio-Grillochse.Fotocredit-Gem.-Michelhausen-1140x757.jpg 1140w\" sizes=\"(max-width: 1024px) 100vw, 1024px\" \/><figcaption class=\"wp-element-caption\">(C)  Gemeinde Michelhausen<\/figcaption><\/figure>\n<\/figure>\n\n\n\n<p><\/p>\n\n\n\n<p class=\"has-medium-font-size\">Wir bedanken uns herzlich f\u00fcr<br>die Gl\u00fcckw\u00fcnsche und Aufmerksamkeiten!<\/p>\n\n\n\n<p><\/p>\n\n\n\n<p class=\"has-large-font-size\"><\/p>\n\n\n\n<p><\/p>\n\n\n\n<p class=\"has-drop-cap has-white-background-color has-background has-medium-font-size\"><\/p>\n\n\n\n<div class=\"wp-block-columns is-layout-flex wp-container-6\">\n<div class=\"wp-block-column is-layout-flow\" style=\"flex-basis:100%\"><\/div>\n<\/div>\n\n\n<div class=\"wp-block-image is-style-rounded\">\n<figure class=\"alignright is-resized\"><img decoding=\"async\" loading=\"lazy\" src=\"http:\/\/www.urbanistubn.at\/wordpress\/wp-content\/uploads\/2019\/02\/dscf5453.web_.jpg?w=748\" alt=\"Bioheuriger Urbanistubn\" class=\"wp-image-67\" width=\"224\" height=\"150\" srcset=\"http:\/\/www.urbanistubn.at\/wordpress\/wp-content\/uploads\/2019\/02\/dscf5453.web_.jpg 894w, http:\/\/www.urbanistubn.at\/wordpress\/wp-content\/uploads\/2019\/02\/dscf5453.web_-300x201.jpg 300w, http:\/\/www.urbanistubn.at\/wordpress\/wp-content\/uploads\/2019\/02\/dscf5453.web_-768x515.jpg 768w\" sizes=\"(max-width: 224px) 100vw, 224px\" \/><\/figure><\/div>\n\n\n<p><br><br><strong>\u00dcber uns:<\/strong><br><br><br> Im Jahre 1998 \u00f6ffneten wir das erste Mal die Pforten der Urbanistubn.<\/p>\n\n\n\n<p>Von  Anfang an war es uns wichtig, m\u00f6glichst viele Produkte am Hof und in  der K\u00fcche selbst zu erzeugen. So stammen das Schweinefleisch und die  Erzeugnisse daraus zur G\u00e4nze aus unserem eigenen Betrieb.<\/p>\n\n\n\n<p class=\"has-background\" style=\"background-color:#c6d2a0\">Im Oktober 2020 haben wir das erste Mal einen Sturmheurigen ausgesteckt und alle Speisen und selbsterzeugten Getr\u00e4nke in Bioqualit\u00e4t angeboten. Nachdem die Herausforderungen der Zertifizierung jeder einzelnen Speise!, die Beschaffung aller Zutaten aus biologischer Produktion, geschafft waren, sind wir mittlerweile gl\u00fccklich, diese Entscheidung getroffen zu haben und f\u00fchren seither jeden Heurigen in Bioqualit\u00e4t. Ein sch\u00f6ner Nebeneffekt ist, dass die zugekauften Rohstoffe noch regionaler geworden sind, als bisher.<\/p>\n\n\n\n<p>Nat\u00fcrlich  wird auch der Wein selbst kultiviert und gekeltert, ebenso wie der  Trauben-, Apfel-, Johannisbeer-, Holunderbl\u00fctensaft und der Marillennektar.<\/p>\n\n\n\n<p>Der elterliche Bauerngarten liefert zahlreiches Gem\u00fcse, Kr\u00e4uter und Blumen je nach Saison.<\/p>\n\n\n\n<p>Saisonale und regionale Produkte sind uns wichtig, so gibt\u00b4s bei uns auch immer Gerichte vom Wild aus dem Pixendorfer Revier. <\/p>\n\n\n\n<figure class=\"wp-block-image size-large\"><img decoding=\"async\" loading=\"lazy\" width=\"1024\" height=\"683\" src=\"http:\/\/www.urbanistubn.at\/wordpress\/wp-content\/uploads\/2021\/11\/Photo-by-Elena-Azzalini-2036-hr.30prozent-1024x683.jpg\" alt=\"\" class=\"wp-image-408\" srcset=\"http:\/\/www.urbanistubn.at\/wordpress\/wp-content\/uploads\/2021\/11\/Photo-by-Elena-Azzalini-2036-hr.30prozent-1024x683.jpg 1024w, http:\/\/www.urbanistubn.at\/wordpress\/wp-content\/uploads\/2021\/11\/Photo-by-Elena-Azzalini-2036-hr.30prozent-300x200.jpg 300w, http:\/\/www.urbanistubn.at\/wordpress\/wp-content\/uploads\/2021\/11\/Photo-by-Elena-Azzalini-2036-hr.30prozent-768x512.jpg 768w, http:\/\/www.urbanistubn.at\/wordpress\/wp-content\/uploads\/2021\/11\/Photo-by-Elena-Azzalini-2036-hr.30prozent-1536x1024.jpg 1536w, http:\/\/www.urbanistubn.at\/wordpress\/wp-content\/uploads\/2021\/11\/Photo-by-Elena-Azzalini-2036-hr.30prozent-1140x760.jpg 1140w, http:\/\/www.urbanistubn.at\/wordpress\/wp-content\/uploads\/2021\/11\/Photo-by-Elena-Azzalini-2036-hr.30prozent.jpg 1642w\" sizes=\"(max-width: 1024px) 100vw, 1024px\" \/><figcaption class=\"wp-element-caption\">Familienbetrieb Fallbacher &#8211; &#8211; &#8211; &#8211; &#8211; &#8211; &#8211; &#8211; &#8211; &#8211; &#8211; &#8211; &#8211; &#8211; &#8211; &#8211; &#8211; &#8211; &#8211; &#8211; &#8211; &#8211; &#8211; &#8211; &#8211; &#8211; &#8211; &#8211;  by elena azzalini<\/figcaption><\/figure>\n\n\n\n<p><\/p>\n\n\n\n<figure class=\"wp-block-image is-style-default\"><img alt=\"\"\/><\/figure>\n\n\n\n<figure class=\"wp-block-image is-style-default\"><img alt=\"\"\/><\/figure>\n","protected":false},"excerpt":{"rendered":"<p>Wir freuen uns auf das 3. Urbanifr\u00fchst\u00fcck der T\u00f6chter des Hauses am Sonntag, 19. Juli 2026 Unser n\u00e4chster Heuriger: 24. Juli &#8211; 9. Aug. 2026 2024 war ein Jahr mit vielen Rekorden, solche Jahre werden rapide h\u00e4ufiger. So sind die Top-20 der Rekord-Hitze-Sommer in den letzten 258 Jahren ab 2010 zu finden. 2024 war auch das Jahr der meisten Tropenn\u00e4chte in Wien seit 1767. (GeoSphere Austria) Wir versuchen in unserem Betrieb nicht nur mit dem Klimawandel zu leben, sondern wirinvestieren auch laufend, um unseren Beitrag zur Verlangsamung des Wandels zu leisten. I) 2011 haben wir unsere erste Photovoltaik-Anlage installieren lassen, diese wurde vor zwei Jahren vergr\u00f6\u00dfert. II) 2022 haben wir auch ein E-Auto f\u00fcr lokale Fahrten und einen Plug-In-Hybrid f\u00fcr den privaten Bedarf angeschafft. III) 2023 tauschten wir im Heurigenlokal und im benachbarten Haus die \u00d6lkessel gegen eine moderne Hackschnitzelanlage. Einige Jahre davor, haben wir im Privathaus den Kessel getauscht, diesen Winter wird die Gastherme am Hof in Rohrendorf\/Krems ebenfalls durch eine Hackschnitzelanlage ersetzt werden, da wir selber gen\u00fcgend Holzzuwachs in unseren W\u00e4ldern haben. IV) Da wir unsere Landwirtschaft biologisch bewirtschaften, sparen wir allein durch den Verzicht auf leichtl\u00f6slichem D\u00fcnger 25 % an CO2 ein. Durch den Humusaufbau auf den Feldern k\u00f6nnen 400 &#8211; 500 kg CO2 je ha gebunden werden. Durch die spaltenlose Bio-Schweinehaltung mit Kot-Harn-Trennung sparen wir 80 % des Ammoniakaussto\u00dfes gegen\u00fcber der herk\u00f6mmlichen Voll- oder Teil-Spalten-Haltung. V) 2025 haben wir Stromspeicher installieren lassen, so k\u00f6nnen unsere K\u00fchlanlagen in der Nacht daraus bedient werden. Gerne verw\u00f6hnen wir Sie kulinarisch bei Ihrem ganz pers\u00f6nlichen Fest daheim oder in der Urbanistubn! (ab ca. 35 Personen)(0664\/38 56 159) Das waren der 1. Ochsengrill, Sturmheuriger und die 25-Jahr-Feier 2023: Wir bedanken uns herzlich f\u00fcrdie Gl\u00fcckw\u00fcnsche und Aufmerksamkeiten! \u00dcber uns: Im Jahre 1998 \u00f6ffneten wir das erste Mal die Pforten der Urbanistubn. Von Anfang an war es uns wichtig, m\u00f6glichst viele Produkte am Hof und in der K\u00fcche selbst zu erzeugen. So stammen das Schweinefleisch und die Erzeugnisse daraus zur G\u00e4nze aus unserem eigenen Betrieb. Im Oktober 2020 haben wir das erste Mal einen Sturmheurigen ausgesteckt und alle Speisen und selbsterzeugten Getr\u00e4nke in Bioqualit\u00e4t angeboten. Nachdem die Herausforderungen der Zertifizierung jeder einzelnen Speise!, die Beschaffung aller Zutaten aus biologischer Produktion, geschafft waren, sind wir mittlerweile gl\u00fccklich, diese Entscheidung getroffen zu haben und f\u00fchren seither jeden Heurigen in Bioqualit\u00e4t. Ein sch\u00f6ner Nebeneffekt ist, dass die zugekauften Rohstoffe noch regionaler geworden sind, als bisher. Nat\u00fcrlich wird auch der Wein selbst kultiviert und gekeltert, ebenso wie der Trauben-, Apfel-, Johannisbeer-, Holunderbl\u00fctensaft und der Marillennektar. Der elterliche Bauerngarten liefert zahlreiches Gem\u00fcse, Kr\u00e4uter und Blumen je nach Saison. Saisonale und regionale Produkte sind uns wichtig, so gibt\u00b4s bei uns auch immer Gerichte vom Wild aus dem Pixendorfer Revier.<\/p>\n","protected":false},"author":1,"featured_media":0,"parent":0,"menu_order":0,"comment_status":"closed","ping_status":"closed","template":"","meta":[],"_links":{"self":[{"href":"http:\/\/www.urbanistubn.at\/wordpress\/wp-json\/wp\/v2\/pages\/22"}],"collection":[{"href":"http:\/\/www.urbanistubn.at\/wordpress\/wp-json\/wp\/v2\/pages"}],"about":[{"href":"http:\/\/www.urbanistubn.at\/wordpress\/wp-json\/wp\/v2\/types\/page"}],"author":[{"embeddable":true,"href":"http:\/\/www.urbanistubn.at\/wordpress\/wp-json\/wp\/v2\/users\/1"}],"replies":[{"embeddable":true,"href":"http:\/\/www.urbanistubn.at\/wordpress\/wp-json\/wp\/v2\/comments?post=22"}],"version-history":[{"count":312,"href":"http:\/\/www.urbanistubn.at\/wordpress\/wp-json\/wp\/v2\/pages\/22\/revisions"}],"predecessor-version":[{"id":1000,"href":"http:\/\/www.urbanistubn.at\/wordpress\/wp-json\/wp\/v2\/pages\/22\/revisions\/1000"}],"wp:attachment":[{"href":"http:\/\/www.urbanistubn.at\/wordpress\/wp-json\/wp\/v2\/media?parent=22"}],"curies":[{"name":"wp","href":"https:\/\/api.w.org\/{rel}","templated":true}]}}